{"version":"1.0","provider_name":"C\u00e9cile ACQUAVIVA -- Conteuse","provider_url":"https:\/\/cecileacquaviva.fr","author_name":"cecita","author_url":"https:\/\/cecileacquaviva.fr\/index.php\/author\/cecita\/","title":"Graines de conteurs et d'\u00e9crivains - C\u00e9cile ACQUAVIVA - Conteuse","type":"rich","width":600,"height":338,"html":"<blockquote class=\"wp-embedded-content\" data-secret=\"y30WOO2O7y\"><a href=\"https:\/\/cecileacquaviva.fr\/index.php\/graines-de-conteurs-et-decrivains\/\">Graines de conteurs et d&#8217;\u00e9crivains<\/a><\/blockquote><iframe sandbox=\"allow-scripts\" security=\"restricted\" src=\"https:\/\/cecileacquaviva.fr\/index.php\/graines-de-conteurs-et-decrivains\/embed\/#?secret=y30WOO2O7y\" width=\"600\" height=\"338\" title=\"\u00ab\u00a0Graines de conteurs et d&#8217;\u00e9crivains\u00a0\u00bb &#8212; C\u00e9cile ACQUAVIVA -- Conteuse\" data-secret=\"y30WOO2O7y\" frameborder=\"0\" marginwidth=\"0\" marginheight=\"0\" scrolling=\"no\" class=\"wp-embedded-content\"><\/iframe><script type=\"text\/javascript\">\n\/* <![CDATA[ *\/\n\/*! This file is auto-generated *\/\n!function(d,l){\"use strict\";l.querySelector&&d.addEventListener&&\"undefined\"!=typeof URL&&(d.wp=d.wp||{},d.wp.receiveEmbedMessage||(d.wp.receiveEmbedMessage=function(e){var t=e.data;if((t||t.secret||t.message||t.value)&&!\/[^a-zA-Z0-9]\/.test(t.secret)){for(var s,r,n,a=l.querySelectorAll('iframe[data-secret=\"'+t.secret+'\"]'),o=l.querySelectorAll('blockquote[data-secret=\"'+t.secret+'\"]'),c=new RegExp(\"^https?:$\",\"i\"),i=0;i<o.length;i++)o[i].style.display=\"none\";for(i=0;i<a.length;i++)s=a[i],e.source===s.contentWindow&&(s.removeAttribute(\"style\"),\"height\"===t.message?(1e3<(r=parseInt(t.value,10))?r=1e3:~~r<200&&(r=200),s.height=r):\"link\"===t.message&&(r=new URL(s.getAttribute(\"src\")),n=new URL(t.value),c.test(n.protocol))&&n.host===r.host&&l.activeElement===s&&(d.top.location.href=t.value))}},d.addEventListener(\"message\",d.wp.receiveEmbedMessage,!1),l.addEventListener(\"DOMContentLoaded\",function(){for(var e,t,s=l.querySelectorAll(\"iframe.wp-embedded-content\"),r=0;r<s.length;r++)(t=(e=s[r]).getAttribute(\"data-secret\"))||(t=Math.random().toString(36).substring(2,12),e.src+=\"#?secret=\"+t,e.setAttribute(\"data-secret\",t)),e.contentWindow.postMessage({message:\"ready\",secret:t},\"*\")},!1)))}(window,document);\n\/\/# sourceURL=https:\/\/cecileacquaviva.fr\/wp-includes\/js\/wp-embed.min.js\n\/* ]]> *\/\n<\/script>\n","thumbnail_url":"https:\/\/cecileacquaviva.fr\/wp-content\/uploads\/2024\/10\/exposdfbourdeaux.png","thumbnail_width":800,"thumbnail_height":450,"description":"Graines de conteurs et d&#8217;\u00e9crivains \u00e0 partir de 8 ans Exposition \u00e0 la Salle des F\u00eates de Bourdeaux, dans le cadre du Festival \u201cLes Nouvelles du Contes\u201d, 2022 Le projet Graines de conteurs et d\u2019\u00e9crivains m\u00e8le l\u2019oralit\u00e9 et l\u2019\u00e9criture. J\u2019y &hellip;"}