{"id":498,"date":"2024-10-12T16:56:52","date_gmt":"2024-10-12T14:56:52","guid":{"rendered":"https:\/\/cecileacquaviva.fr\/?page_id=498"},"modified":"2026-01-29T22:18:43","modified_gmt":"2026-01-29T21:18:43","slug":"graines-de-conteurs-et-decrivains","status":"publish","type":"page","link":"https:\/\/cecileacquaviva.fr\/index.php\/graines-de-conteurs-et-decrivains\/","title":{"rendered":"Graines de conteurs et d&#8217;\u00e9crivains"},"content":{"rendered":"\t\t<div data-elementor-type=\"wp-page\" data-elementor-id=\"498\" class=\"elementor elementor-498\">\n\t\t\t\t<div class=\"elementor-element elementor-element-ca71aee e-flex e-con-boxed e-con e-parent\" data-id=\"ca71aee\" data-element_type=\"container\" data-settings=\"{&quot;content_width&quot;:&quot;boxed&quot;}\" data-core-v316-plus=\"true\">\n\t\t\t\t\t<div class=\"e-con-inner\">\n\t\t\t\t<div class=\"elementor-element elementor-element-8ec3548 elementor-widget elementor-widget-heading\" data-id=\"8ec3548\" data-element_type=\"widget\" data-widget_type=\"heading.default\">\n\t\t\t\t<div class=\"elementor-widget-container\">\n\t\t\t<style>\/*! elementor - v3.19.0 - 28-02-2024 *\/\n.elementor-heading-title{padding:0;margin:0;line-height:1}.elementor-widget-heading .elementor-heading-title[class*=elementor-size-]>a{color:inherit;font-size:inherit;line-height:inherit}.elementor-widget-heading .elementor-heading-title.elementor-size-small{font-size:15px}.elementor-widget-heading .elementor-heading-title.elementor-size-medium{font-size:19px}.elementor-widget-heading .elementor-heading-title.elementor-size-large{font-size:29px}.elementor-widget-heading .elementor-heading-title.elementor-size-xl{font-size:39px}.elementor-widget-heading .elementor-heading-title.elementor-size-xxl{font-size:59px}<\/style><h2 class=\"elementor-heading-title elementor-size-default\"><br>Graines de conteurs et d'\u00e9crivains<\/h2>\t\t<\/div>\n\t\t\t\t<\/div>\n\t\t\t\t<div class=\"elementor-element elementor-element-60fc5bf elementor-widget elementor-widget-heading\" data-id=\"60fc5bf\" data-element_type=\"widget\" data-widget_type=\"heading.default\">\n\t\t\t\t<div class=\"elementor-widget-container\">\n\t\t\t<h2 class=\"elementor-heading-title elementor-size-default\">\u00e0 partir de 8 ans<\/h2>\t\t<\/div>\n\t\t\t\t<\/div>\n\t\t\t\t\t<\/div>\n\t\t\t\t<\/div>\n\t\t<div class=\"elementor-element elementor-element-6cbf15f e-flex e-con-boxed e-con e-parent\" data-id=\"6cbf15f\" data-element_type=\"container\" data-settings=\"{&quot;content_width&quot;:&quot;boxed&quot;}\" data-core-v316-plus=\"true\">\n\t\t\t\t\t<div class=\"e-con-inner\">\n\t\t\t\t<div class=\"elementor-element elementor-element-097ae7f elementor-widget elementor-widget-image\" data-id=\"097ae7f\" data-element_type=\"widget\" data-widget_type=\"image.default\">\n\t\t\t\t<div class=\"elementor-widget-container\">\n\t\t\t<style>\/*! elementor - v3.19.0 - 28-02-2024 *\/\n.elementor-widget-image{text-align:center}.elementor-widget-image a{display:inline-block}.elementor-widget-image a img[src$=\".svg\"]{width:48px}.elementor-widget-image img{vertical-align:middle;display:inline-block}<\/style>\t\t\t\t\t\t\t\t\t\t<img fetchpriority=\"high\" decoding=\"async\" width=\"750\" height=\"422\" src=\"https:\/\/cecileacquaviva.fr\/wp-content\/uploads\/2024\/10\/exposdfbourdeaux.png\" class=\"attachment-large size-large wp-image-1027\" alt=\"\" srcset=\"https:\/\/cecileacquaviva.fr\/wp-content\/uploads\/2024\/10\/exposdfbourdeaux.png 800w, https:\/\/cecileacquaviva.fr\/wp-content\/uploads\/2024\/10\/exposdfbourdeaux-300x169.png 300w, https:\/\/cecileacquaviva.fr\/wp-content\/uploads\/2024\/10\/exposdfbourdeaux-768x432.png 768w\" sizes=\"(max-width: 750px) 100vw, 750px\" \/>\t\t\t\t\t\t\t\t\t\t\t\t\t<\/div>\n\t\t\t\t<\/div>\n\t\t\t\t<div class=\"elementor-element elementor-element-c44e47e elementor-widget elementor-widget-heading\" data-id=\"c44e47e\" data-element_type=\"widget\" data-widget_type=\"heading.default\">\n\t\t\t\t<div class=\"elementor-widget-container\">\n\t\t\t<h2 class=\"elementor-heading-title elementor-size-default\">Exposition \u00e0 la Salle des F\u00eates de Bourdeaux,\ndans le cadre du Festival \u201cLes Nouvelles du Contes\u201d, 2022<\/h2>\t\t<\/div>\n\t\t\t\t<\/div>\n\t\t\t\t<div class=\"elementor-element elementor-element-f757007 elementor-widget elementor-widget-text-editor\" data-id=\"f757007\" data-element_type=\"widget\" data-widget_type=\"text-editor.default\">\n\t\t\t\t<div class=\"elementor-widget-container\">\n\t\t\t<style>\/*! elementor - v3.19.0 - 28-02-2024 *\/\n.elementor-widget-text-editor.elementor-drop-cap-view-stacked .elementor-drop-cap{background-color:#69727d;color:#fff}.elementor-widget-text-editor.elementor-drop-cap-view-framed .elementor-drop-cap{color:#69727d;border:3px solid;background-color:transparent}.elementor-widget-text-editor:not(.elementor-drop-cap-view-default) .elementor-drop-cap{margin-top:8px}.elementor-widget-text-editor:not(.elementor-drop-cap-view-default) .elementor-drop-cap-letter{width:1em;height:1em}.elementor-widget-text-editor .elementor-drop-cap{float:left;text-align:center;line-height:1;font-size:50px}.elementor-widget-text-editor .elementor-drop-cap-letter{display:inline-block}<\/style>\t\t\t\t<p>Le projet Graines de conteurs et d\u2019\u00e9crivains m\u00e8le l\u2019oralit\u00e9 et l\u2019\u00e9criture.<\/p><p>J\u2019y apporte un \u00ab sac \u00e0 histoires \u00bb qui permet la cr\u00e9ation d\u2019un cercle d\u2019\u00e9coute, de partage et de parole.<\/p><p>Les enfants sont amen\u00e9s \u00e0 raconter collectivement les histoires entendues et \u00e0 dessiner le chemin de l\u2019histoire. Ainsi, les \u00e9l\u00e8ves pourront \u00e0 tout moment dans la classe se rem\u00e9morer les successions de causes \u00e0 cons\u00e9quences qui constituent la structure du conte.<\/p><p>Des jeux seront propos\u00e9s aux enfants pour nourrir leur imaginaire. Les enfants chercheront comment s\u2019approprier les contes, en comprenant ce qui fait \u201cle squelette\u201d, la structure de l\u2019histoire et doit \u00eatre conserv\u00e9, et ce qui en constitue \u201cla chair\u201d o\u00f9 il est possible de laisser libre cours \u00e0 son imaginaire. Ils apprendront \u00e9galement comment d\u00e9placer un conte d\u2019une culture \u00e0 une autre sans le trahir.<\/p><p>Chaque groupe d\u2019enfants \u00e9crira sa version de l\u2019histoire et l\u2019illustrera sous forme de dessins. Ainsi, les forces de chacun seront mises en valeur au profit du projet commun.<\/p><p>Un ou plusieurs livres accord\u00e9on pr\u00e9senteront les histoires \u00e9crites et illustr\u00e9es par les enfants. Ils pourront circuler dans l\u2019\u00e9cole et\/ou faire l\u2019objet d\u2019une exposition.<\/p><p>\u00a0<\/p>\t\t\t\t\t\t<\/div>\n\t\t\t\t<\/div>\n\t\t\t\t\t<\/div>\n\t\t\t\t<\/div>\n\t\t<div class=\"elementor-element elementor-element-0c8e7f7 e-flex e-con-boxed e-con e-parent\" data-id=\"0c8e7f7\" data-element_type=\"container\" data-settings=\"{&quot;content_width&quot;:&quot;boxed&quot;}\" data-core-v316-plus=\"true\">\n\t\t\t\t\t<div class=\"e-con-inner\">\n\t\t\t\t\t<\/div>\n\t\t\t\t<\/div>\n\t\t\t\t<\/div>\n\t\t","protected":false},"excerpt":{"rendered":"<p>Graines de conteurs et d&#8217;\u00e9crivains \u00e0 partir de 8 ans Exposition \u00e0 la Salle des F\u00eates de Bourdeaux, dans le cadre du Festival \u201cLes Nouvelles du Contes\u201d, 2022 Le projet Graines de conteurs et d\u2019\u00e9crivains m\u00e8le l\u2019oralit\u00e9 et l\u2019\u00e9criture. J\u2019y &hellip; <\/p>\n","protected":false},"author":1,"featured_media":1027,"parent":0,"menu_order":0,"comment_status":"closed","ping_status":"closed","template":"elementor_header_footer","meta":{"_eb_attr":"","footnotes":""},"class_list":["post-498","page","type-page","status-publish","has-post-thumbnail","hentry"],"yoast_head":"<!-- This site is optimized with the Yoast SEO plugin v24.8.1 - https:\/\/yoast.com\/wordpress\/plugins\/seo\/ -->\n<title>Graines de conteurs et d&#039;\u00e9crivains - C\u00e9cile ACQUAVIVA - Conteuse<\/title>\n<meta name=\"robots\" content=\"index, follow, max-snippet:-1, max-image-preview:large, max-video-preview:-1\" \/>\n<link rel=\"canonical\" href=\"https:\/\/cecileacquaviva.fr\/index.php\/graines-de-conteurs-et-decrivains\/\" \/>\n<meta property=\"og:locale\" content=\"fr_FR\" \/>\n<meta property=\"og:type\" content=\"article\" \/>\n<meta property=\"og:title\" content=\"Graines de conteurs et d&#039;\u00e9crivains - C\u00e9cile ACQUAVIVA - Conteuse\" \/>\n<meta property=\"og:description\" content=\"Graines de conteurs et d&#8217;\u00e9crivains \u00e0 partir de 8 ans Exposition \u00e0 la Salle des F\u00eates de Bourdeaux, dans le cadre du Festival \u201cLes Nouvelles du Contes\u201d, 2022 Le projet Graines de conteurs et d\u2019\u00e9crivains m\u00e8le l\u2019oralit\u00e9 et l\u2019\u00e9criture. J\u2019y &hellip;\" \/>\n<meta property=\"og:url\" content=\"https:\/\/cecileacquaviva.fr\/index.php\/graines-de-conteurs-et-decrivains\/\" \/>\n<meta property=\"og:site_name\" content=\"C\u00e9cile ACQUAVIVA -- Conteuse\" \/>\n<meta property=\"article:modified_time\" content=\"2026-01-29T21:18:43+00:00\" \/>\n<meta property=\"og:image\" content=\"https:\/\/cecileacquaviva.fr\/wp-content\/uploads\/2024\/10\/exposdfbourdeaux.png\" \/>\n\t<meta property=\"og:image:width\" content=\"800\" \/>\n\t<meta property=\"og:image:height\" content=\"450\" \/>\n\t<meta property=\"og:image:type\" content=\"image\/png\" \/>\n<meta name=\"twitter:card\" content=\"summary_large_image\" \/>\n<meta name=\"twitter:label1\" content=\"Dur\u00e9e de lecture estim\u00e9e\" \/>\n\t<meta name=\"twitter:data1\" content=\"2 minutes\" \/>\n<script type=\"application\/ld+json\" class=\"yoast-schema-graph\">{\"@context\":\"https:\/\/schema.org\",\"@graph\":[{\"@type\":\"WebPage\",\"@id\":\"https:\/\/cecileacquaviva.fr\/index.php\/graines-de-conteurs-et-decrivains\/\",\"url\":\"https:\/\/cecileacquaviva.fr\/index.php\/graines-de-conteurs-et-decrivains\/\",\"name\":\"Graines de conteurs et d'\u00e9crivains - C\u00e9cile ACQUAVIVA - Conteuse\",\"isPartOf\":{\"@id\":\"https:\/\/cecileacquaviva.fr\/#website\"},\"primaryImageOfPage\":{\"@id\":\"https:\/\/cecileacquaviva.fr\/index.php\/graines-de-conteurs-et-decrivains\/#primaryimage\"},\"image\":{\"@id\":\"https:\/\/cecileacquaviva.fr\/index.php\/graines-de-conteurs-et-decrivains\/#primaryimage\"},\"thumbnailUrl\":\"https:\/\/cecileacquaviva.fr\/wp-content\/uploads\/2024\/10\/exposdfbourdeaux.png\",\"datePublished\":\"2024-10-12T14:56:52+00:00\",\"dateModified\":\"2026-01-29T21:18:43+00:00\",\"breadcrumb\":{\"@id\":\"https:\/\/cecileacquaviva.fr\/index.php\/graines-de-conteurs-et-decrivains\/#breadcrumb\"},\"inLanguage\":\"fr-FR\",\"potentialAction\":[{\"@type\":\"ReadAction\",\"target\":[\"https:\/\/cecileacquaviva.fr\/index.php\/graines-de-conteurs-et-decrivains\/\"]}]},{\"@type\":\"ImageObject\",\"inLanguage\":\"fr-FR\",\"@id\":\"https:\/\/cecileacquaviva.fr\/index.php\/graines-de-conteurs-et-decrivains\/#primaryimage\",\"url\":\"https:\/\/cecileacquaviva.fr\/wp-content\/uploads\/2024\/10\/exposdfbourdeaux.png\",\"contentUrl\":\"https:\/\/cecileacquaviva.fr\/wp-content\/uploads\/2024\/10\/exposdfbourdeaux.png\",\"width\":800,\"height\":450},{\"@type\":\"BreadcrumbList\",\"@id\":\"https:\/\/cecileacquaviva.fr\/index.php\/graines-de-conteurs-et-decrivains\/#breadcrumb\",\"itemListElement\":[{\"@type\":\"ListItem\",\"position\":1,\"name\":\"Accueil\",\"item\":\"https:\/\/cecileacquaviva.fr\/\"},{\"@type\":\"ListItem\",\"position\":2,\"name\":\"Graines de conteurs et d&#8217;\u00e9crivains\"}]},{\"@type\":\"WebSite\",\"@id\":\"https:\/\/cecileacquaviva.fr\/#website\",\"url\":\"https:\/\/cecileacquaviva.fr\/\",\"name\":\"C\u00e9cile ACQUAVIVA -- Conteuse\",\"description\":\"\",\"publisher\":{\"@id\":\"https:\/\/cecileacquaviva.fr\/#\/schema\/person\/49f67dc3b20d3203782959bfa58a45f3\"},\"potentialAction\":[{\"@type\":\"SearchAction\",\"target\":{\"@type\":\"EntryPoint\",\"urlTemplate\":\"https:\/\/cecileacquaviva.fr\/?s={search_term_string}\"},\"query-input\":{\"@type\":\"PropertyValueSpecification\",\"valueRequired\":true,\"valueName\":\"search_term_string\"}}],\"inLanguage\":\"fr-FR\"},{\"@type\":[\"Person\",\"Organization\"],\"@id\":\"https:\/\/cecileacquaviva.fr\/#\/schema\/person\/49f67dc3b20d3203782959bfa58a45f3\",\"name\":\"cecita\",\"image\":{\"@type\":\"ImageObject\",\"inLanguage\":\"fr-FR\",\"@id\":\"https:\/\/cecileacquaviva.fr\/#\/schema\/person\/image\/\",\"url\":\"https:\/\/cecileacquaviva.fr\/wp-content\/uploads\/2024\/07\/logo-secondaire-horizontal-bleu-cecile-acquaviva_adroite.png\",\"contentUrl\":\"https:\/\/cecileacquaviva.fr\/wp-content\/uploads\/2024\/07\/logo-secondaire-horizontal-bleu-cecile-acquaviva_adroite.png\",\"width\":800,\"height\":200,\"caption\":\"cecita\"},\"logo\":{\"@id\":\"https:\/\/cecileacquaviva.fr\/#\/schema\/person\/image\/\"},\"sameAs\":[\"http:\/\/cecileacquaviva.fr\"]}]}<\/script>\n<!-- \/ Yoast SEO plugin. -->","yoast_head_json":{"title":"Graines de conteurs et d'\u00e9crivains - C\u00e9cile ACQUAVIVA - Conteuse","robots":{"index":"index","follow":"follow","max-snippet":"max-snippet:-1","max-image-preview":"max-image-preview:large","max-video-preview":"max-video-preview:-1"},"canonical":"https:\/\/cecileacquaviva.fr\/index.php\/graines-de-conteurs-et-decrivains\/","og_locale":"fr_FR","og_type":"article","og_title":"Graines de conteurs et d'\u00e9crivains - C\u00e9cile ACQUAVIVA - Conteuse","og_description":"Graines de conteurs et d&#8217;\u00e9crivains \u00e0 partir de 8 ans Exposition \u00e0 la Salle des F\u00eates de Bourdeaux, dans le cadre du Festival \u201cLes Nouvelles du Contes\u201d, 2022 Le projet Graines de conteurs et d\u2019\u00e9crivains m\u00e8le l\u2019oralit\u00e9 et l\u2019\u00e9criture. J\u2019y &hellip;","og_url":"https:\/\/cecileacquaviva.fr\/index.php\/graines-de-conteurs-et-decrivains\/","og_site_name":"C\u00e9cile ACQUAVIVA -- Conteuse","article_modified_time":"2026-01-29T21:18:43+00:00","og_image":[{"width":800,"height":450,"url":"https:\/\/cecileacquaviva.fr\/wp-content\/uploads\/2024\/10\/exposdfbourdeaux.png","type":"image\/png"}],"twitter_card":"summary_large_image","twitter_misc":{"Dur\u00e9e de lecture estim\u00e9e":"2 minutes"},"schema":{"@context":"https:\/\/schema.org","@graph":[{"@type":"WebPage","@id":"https:\/\/cecileacquaviva.fr\/index.php\/graines-de-conteurs-et-decrivains\/","url":"https:\/\/cecileacquaviva.fr\/index.php\/graines-de-conteurs-et-decrivains\/","name":"Graines de conteurs et d'\u00e9crivains - C\u00e9cile ACQUAVIVA - Conteuse","isPartOf":{"@id":"https:\/\/cecileacquaviva.fr\/#website"},"primaryImageOfPage":{"@id":"https:\/\/cecileacquaviva.fr\/index.php\/graines-de-conteurs-et-decrivains\/#primaryimage"},"image":{"@id":"https:\/\/cecileacquaviva.fr\/index.php\/graines-de-conteurs-et-decrivains\/#primaryimage"},"thumbnailUrl":"https:\/\/cecileacquaviva.fr\/wp-content\/uploads\/2024\/10\/exposdfbourdeaux.png","datePublished":"2024-10-12T14:56:52+00:00","dateModified":"2026-01-29T21:18:43+00:00","breadcrumb":{"@id":"https:\/\/cecileacquaviva.fr\/index.php\/graines-de-conteurs-et-decrivains\/#breadcrumb"},"inLanguage":"fr-FR","potentialAction":[{"@type":"ReadAction","target":["https:\/\/cecileacquaviva.fr\/index.php\/graines-de-conteurs-et-decrivains\/"]}]},{"@type":"ImageObject","inLanguage":"fr-FR","@id":"https:\/\/cecileacquaviva.fr\/index.php\/graines-de-conteurs-et-decrivains\/#primaryimage","url":"https:\/\/cecileacquaviva.fr\/wp-content\/uploads\/2024\/10\/exposdfbourdeaux.png","contentUrl":"https:\/\/cecileacquaviva.fr\/wp-content\/uploads\/2024\/10\/exposdfbourdeaux.png","width":800,"height":450},{"@type":"BreadcrumbList","@id":"https:\/\/cecileacquaviva.fr\/index.php\/graines-de-conteurs-et-decrivains\/#breadcrumb","itemListElement":[{"@type":"ListItem","position":1,"name":"Accueil","item":"https:\/\/cecileacquaviva.fr\/"},{"@type":"ListItem","position":2,"name":"Graines de conteurs et d&#8217;\u00e9crivains"}]},{"@type":"WebSite","@id":"https:\/\/cecileacquaviva.fr\/#website","url":"https:\/\/cecileacquaviva.fr\/","name":"C\u00e9cile ACQUAVIVA -- Conteuse","description":"","publisher":{"@id":"https:\/\/cecileacquaviva.fr\/#\/schema\/person\/49f67dc3b20d3203782959bfa58a45f3"},"potentialAction":[{"@type":"SearchAction","target":{"@type":"EntryPoint","urlTemplate":"https:\/\/cecileacquaviva.fr\/?s={search_term_string}"},"query-input":{"@type":"PropertyValueSpecification","valueRequired":true,"valueName":"search_term_string"}}],"inLanguage":"fr-FR"},{"@type":["Person","Organization"],"@id":"https:\/\/cecileacquaviva.fr\/#\/schema\/person\/49f67dc3b20d3203782959bfa58a45f3","name":"cecita","image":{"@type":"ImageObject","inLanguage":"fr-FR","@id":"https:\/\/cecileacquaviva.fr\/#\/schema\/person\/image\/","url":"https:\/\/cecileacquaviva.fr\/wp-content\/uploads\/2024\/07\/logo-secondaire-horizontal-bleu-cecile-acquaviva_adroite.png","contentUrl":"https:\/\/cecileacquaviva.fr\/wp-content\/uploads\/2024\/07\/logo-secondaire-horizontal-bleu-cecile-acquaviva_adroite.png","width":800,"height":200,"caption":"cecita"},"logo":{"@id":"https:\/\/cecileacquaviva.fr\/#\/schema\/person\/image\/"},"sameAs":["http:\/\/cecileacquaviva.fr"]}]}},"_links":{"self":[{"href":"https:\/\/cecileacquaviva.fr\/index.php\/wp-json\/wp\/v2\/pages\/498","targetHints":{"allow":["GET"]}}],"collection":[{"href":"https:\/\/cecileacquaviva.fr\/index.php\/wp-json\/wp\/v2\/pages"}],"about":[{"href":"https:\/\/cecileacquaviva.fr\/index.php\/wp-json\/wp\/v2\/types\/page"}],"author":[{"embeddable":true,"href":"https:\/\/cecileacquaviva.fr\/index.php\/wp-json\/wp\/v2\/users\/1"}],"replies":[{"embeddable":true,"href":"https:\/\/cecileacquaviva.fr\/index.php\/wp-json\/wp\/v2\/comments?post=498"}],"version-history":[{"count":23,"href":"https:\/\/cecileacquaviva.fr\/index.php\/wp-json\/wp\/v2\/pages\/498\/revisions"}],"predecessor-version":[{"id":1553,"href":"https:\/\/cecileacquaviva.fr\/index.php\/wp-json\/wp\/v2\/pages\/498\/revisions\/1553"}],"wp:featuredmedia":[{"embeddable":true,"href":"https:\/\/cecileacquaviva.fr\/index.php\/wp-json\/wp\/v2\/media\/1027"}],"wp:attachment":[{"href":"https:\/\/cecileacquaviva.fr\/index.php\/wp-json\/wp\/v2\/media?parent=498"}],"curies":[{"name":"wp","href":"https:\/\/api.w.org\/{rel}","templated":true}]}}