{"id":504,"date":"2024-10-12T17:04:46","date_gmt":"2024-10-12T15:04:46","guid":{"rendered":"https:\/\/cecileacquaviva.fr\/?page_id=504"},"modified":"2026-01-29T22:21:07","modified_gmt":"2026-01-29T21:21:07","slug":"graines-de-conteurs","status":"publish","type":"page","link":"https:\/\/cecileacquaviva.fr\/index.php\/graines-de-conteurs\/","title":{"rendered":"Graines de conteurs"},"content":{"rendered":"\t\t<div data-elementor-type=\"wp-page\" data-elementor-id=\"504\" class=\"elementor elementor-504\">\n\t\t\t\t<div class=\"elementor-element elementor-element-952006d e-flex e-con-boxed e-con e-parent\" data-id=\"952006d\" data-element_type=\"container\" data-settings=\"{&quot;content_width&quot;:&quot;boxed&quot;}\" data-core-v316-plus=\"true\">\n\t\t\t\t\t<div class=\"e-con-inner\">\n\t\t\t\t<div class=\"elementor-element elementor-element-93ef297 elementor-widget elementor-widget-heading\" data-id=\"93ef297\" data-element_type=\"widget\" data-widget_type=\"heading.default\">\n\t\t\t\t<div class=\"elementor-widget-container\">\n\t\t\t<style>\/*! elementor - v3.19.0 - 28-02-2024 *\/\n.elementor-heading-title{padding:0;margin:0;line-height:1}.elementor-widget-heading .elementor-heading-title[class*=elementor-size-]>a{color:inherit;font-size:inherit;line-height:inherit}.elementor-widget-heading .elementor-heading-title.elementor-size-small{font-size:15px}.elementor-widget-heading .elementor-heading-title.elementor-size-medium{font-size:19px}.elementor-widget-heading .elementor-heading-title.elementor-size-large{font-size:29px}.elementor-widget-heading .elementor-heading-title.elementor-size-xl{font-size:39px}.elementor-widget-heading .elementor-heading-title.elementor-size-xxl{font-size:59px}<\/style><h2 class=\"elementor-heading-title elementor-size-default\"><br>Graines de conteurs<\/h2>\t\t<\/div>\n\t\t\t\t<\/div>\n\t\t\t\t<div class=\"elementor-element elementor-element-a25fdc6 elementor-widget elementor-widget-heading\" data-id=\"a25fdc6\" data-element_type=\"widget\" data-widget_type=\"heading.default\">\n\t\t\t\t<div class=\"elementor-widget-container\">\n\t\t\t<h2 class=\"elementor-heading-title elementor-size-default\"><br>\u00e0 partir de 6 ans<\/h2>\t\t<\/div>\n\t\t\t\t<\/div>\n\t\t\t\t\t<\/div>\n\t\t\t\t<\/div>\n\t\t<div class=\"elementor-element elementor-element-5ef2068 e-flex e-con-boxed e-con e-parent\" data-id=\"5ef2068\" data-element_type=\"container\" data-settings=\"{&quot;content_width&quot;:&quot;boxed&quot;}\" data-core-v316-plus=\"true\">\n\t\t\t\t\t<div class=\"e-con-inner\">\n\t\t\t\t<div class=\"elementor-element elementor-element-910d6d3 elementor-widget elementor-widget-text-editor\" data-id=\"910d6d3\" data-element_type=\"widget\" data-widget_type=\"text-editor.default\">\n\t\t\t\t<div class=\"elementor-widget-container\">\n\t\t\t<style>\/*! elementor - v3.19.0 - 28-02-2024 *\/\n.elementor-widget-text-editor.elementor-drop-cap-view-stacked .elementor-drop-cap{background-color:#69727d;color:#fff}.elementor-widget-text-editor.elementor-drop-cap-view-framed .elementor-drop-cap{color:#69727d;border:3px solid;background-color:transparent}.elementor-widget-text-editor:not(.elementor-drop-cap-view-default) .elementor-drop-cap{margin-top:8px}.elementor-widget-text-editor:not(.elementor-drop-cap-view-default) .elementor-drop-cap-letter{width:1em;height:1em}.elementor-widget-text-editor .elementor-drop-cap{float:left;text-align:center;line-height:1;font-size:50px}.elementor-widget-text-editor .elementor-drop-cap-letter{display:inline-block}<\/style>\t\t\t\t<p>Graines de conteurs permet aux enfants de s\u2019initier \u00e0 l\u2019art de raconter en s\u2019amusant.<\/p><p>Nous cr\u00e9ons un cercle d\u2019\u00e9coute, de partage et de parole. Les contes racont\u00e9s chaque jour forment le sac \u00e0 histoires du groupe. Les enfants sont invit\u00e9s \u00e0 raconter collectivement les contes entendus. Une fois les histoires fix\u00e9es dans les m\u00e9moires, les enfants choisiront celle.s qui leur parlent le plus.<\/p><p>A partir de ce choix, les enfants chercheront comment s\u2019approprier les contes, en cr\u00e9ant leurs propres versions, les rendre plus vivants et les raconter seul ou \u00e0 plusieurs. Des jeux d\u2019improvisation et des r\u00eaveries cont\u00e9es viendront r\u00e9veiller l\u2019imagination de chacun et nourrir sa cr\u00e9ativit\u00e9. Des exercices ludiques d\u2019expression vocale et corporelle leur apprendront \u00e0 raconter avec leurs corps.<\/p><p>Des trocs d\u2019histoires pourront se faire entre les groupes ou classes. Il est envisageable que les enfants racontent face \u00e0 un public, selon leurs \u00e2ges et le nombre de s\u00e9ances.<\/p>\t\t\t\t\t\t<\/div>\n\t\t\t\t<\/div>\n\t\t\t\t\t<\/div>\n\t\t\t\t<\/div>\n\t\t\t\t<\/div>\n\t\t","protected":false},"excerpt":{"rendered":"<p>Graines de conteurs \u00e0 partir de 6 ans Graines de conteurs permet aux enfants de s\u2019initier \u00e0 l\u2019art de raconter en s\u2019amusant. Nous cr\u00e9ons un cercle d\u2019\u00e9coute, de partage et de parole. Les contes racont\u00e9s chaque jour forment le sac &hellip; <\/p>\n","protected":false},"author":1,"featured_media":541,"parent":0,"menu_order":0,"comment_status":"closed","ping_status":"closed","template":"elementor_header_footer","meta":{"_eb_attr":"","footnotes":""},"class_list":["post-504","page","type-page","status-publish","has-post-thumbnail","hentry"],"yoast_head":"<!-- This site is optimized with the Yoast SEO plugin v24.8.1 - https:\/\/yoast.com\/wordpress\/plugins\/seo\/ -->\n<title>Graines de conteurs - C\u00e9cile ACQUAVIVA - Conteuse<\/title>\n<meta name=\"robots\" content=\"index, follow, max-snippet:-1, max-image-preview:large, max-video-preview:-1\" \/>\n<link rel=\"canonical\" href=\"https:\/\/cecileacquaviva.fr\/index.php\/graines-de-conteurs\/\" \/>\n<meta property=\"og:locale\" content=\"fr_FR\" \/>\n<meta property=\"og:type\" content=\"article\" \/>\n<meta property=\"og:title\" content=\"Graines de conteurs - C\u00e9cile ACQUAVIVA - Conteuse\" \/>\n<meta property=\"og:description\" content=\"Graines de conteurs \u00e0 partir de 6 ans Graines de conteurs permet aux enfants de s\u2019initier \u00e0 l\u2019art de raconter en s\u2019amusant. Nous cr\u00e9ons un cercle d\u2019\u00e9coute, de partage et de parole. Les contes racont\u00e9s chaque jour forment le sac &hellip;\" \/>\n<meta property=\"og:url\" content=\"https:\/\/cecileacquaviva.fr\/index.php\/graines-de-conteurs\/\" \/>\n<meta property=\"og:site_name\" content=\"C\u00e9cile ACQUAVIVA -- Conteuse\" \/>\n<meta property=\"article:modified_time\" content=\"2026-01-29T21:21:07+00:00\" \/>\n<meta property=\"og:image\" content=\"https:\/\/cecileacquaviva.fr\/wp-content\/uploads\/2024\/10\/photo_cercles_conteurs.png\" \/>\n\t<meta property=\"og:image:width\" content=\"473\" \/>\n\t<meta property=\"og:image:height\" content=\"358\" \/>\n\t<meta property=\"og:image:type\" content=\"image\/png\" \/>\n<meta name=\"twitter:card\" content=\"summary_large_image\" \/>\n<meta name=\"twitter:label1\" content=\"Dur\u00e9e de lecture estim\u00e9e\" \/>\n\t<meta name=\"twitter:data1\" content=\"1 minute\" \/>\n<script type=\"application\/ld+json\" class=\"yoast-schema-graph\">{\"@context\":\"https:\/\/schema.org\",\"@graph\":[{\"@type\":\"WebPage\",\"@id\":\"https:\/\/cecileacquaviva.fr\/index.php\/graines-de-conteurs\/\",\"url\":\"https:\/\/cecileacquaviva.fr\/index.php\/graines-de-conteurs\/\",\"name\":\"Graines de conteurs - C\u00e9cile ACQUAVIVA - Conteuse\",\"isPartOf\":{\"@id\":\"https:\/\/cecileacquaviva.fr\/#website\"},\"primaryImageOfPage\":{\"@id\":\"https:\/\/cecileacquaviva.fr\/index.php\/graines-de-conteurs\/#primaryimage\"},\"image\":{\"@id\":\"https:\/\/cecileacquaviva.fr\/index.php\/graines-de-conteurs\/#primaryimage\"},\"thumbnailUrl\":\"https:\/\/cecileacquaviva.fr\/wp-content\/uploads\/2024\/10\/photo_cercles_conteurs.png\",\"datePublished\":\"2024-10-12T15:04:46+00:00\",\"dateModified\":\"2026-01-29T21:21:07+00:00\",\"breadcrumb\":{\"@id\":\"https:\/\/cecileacquaviva.fr\/index.php\/graines-de-conteurs\/#breadcrumb\"},\"inLanguage\":\"fr-FR\",\"potentialAction\":[{\"@type\":\"ReadAction\",\"target\":[\"https:\/\/cecileacquaviva.fr\/index.php\/graines-de-conteurs\/\"]}]},{\"@type\":\"ImageObject\",\"inLanguage\":\"fr-FR\",\"@id\":\"https:\/\/cecileacquaviva.fr\/index.php\/graines-de-conteurs\/#primaryimage\",\"url\":\"https:\/\/cecileacquaviva.fr\/wp-content\/uploads\/2024\/10\/photo_cercles_conteurs.png\",\"contentUrl\":\"https:\/\/cecileacquaviva.fr\/wp-content\/uploads\/2024\/10\/photo_cercles_conteurs.png\",\"width\":473,\"height\":358},{\"@type\":\"BreadcrumbList\",\"@id\":\"https:\/\/cecileacquaviva.fr\/index.php\/graines-de-conteurs\/#breadcrumb\",\"itemListElement\":[{\"@type\":\"ListItem\",\"position\":1,\"name\":\"Accueil\",\"item\":\"https:\/\/cecileacquaviva.fr\/\"},{\"@type\":\"ListItem\",\"position\":2,\"name\":\"Graines de conteurs\"}]},{\"@type\":\"WebSite\",\"@id\":\"https:\/\/cecileacquaviva.fr\/#website\",\"url\":\"https:\/\/cecileacquaviva.fr\/\",\"name\":\"C\u00e9cile ACQUAVIVA -- Conteuse\",\"description\":\"\",\"publisher\":{\"@id\":\"https:\/\/cecileacquaviva.fr\/#\/schema\/person\/49f67dc3b20d3203782959bfa58a45f3\"},\"potentialAction\":[{\"@type\":\"SearchAction\",\"target\":{\"@type\":\"EntryPoint\",\"urlTemplate\":\"https:\/\/cecileacquaviva.fr\/?s={search_term_string}\"},\"query-input\":{\"@type\":\"PropertyValueSpecification\",\"valueRequired\":true,\"valueName\":\"search_term_string\"}}],\"inLanguage\":\"fr-FR\"},{\"@type\":[\"Person\",\"Organization\"],\"@id\":\"https:\/\/cecileacquaviva.fr\/#\/schema\/person\/49f67dc3b20d3203782959bfa58a45f3\",\"name\":\"cecita\",\"image\":{\"@type\":\"ImageObject\",\"inLanguage\":\"fr-FR\",\"@id\":\"https:\/\/cecileacquaviva.fr\/#\/schema\/person\/image\/\",\"url\":\"https:\/\/cecileacquaviva.fr\/wp-content\/uploads\/2024\/07\/logo-secondaire-horizontal-bleu-cecile-acquaviva_adroite.png\",\"contentUrl\":\"https:\/\/cecileacquaviva.fr\/wp-content\/uploads\/2024\/07\/logo-secondaire-horizontal-bleu-cecile-acquaviva_adroite.png\",\"width\":800,\"height\":200,\"caption\":\"cecita\"},\"logo\":{\"@id\":\"https:\/\/cecileacquaviva.fr\/#\/schema\/person\/image\/\"},\"sameAs\":[\"http:\/\/cecileacquaviva.fr\"]}]}<\/script>\n<!-- \/ Yoast SEO plugin. -->","yoast_head_json":{"title":"Graines de conteurs - C\u00e9cile ACQUAVIVA - Conteuse","robots":{"index":"index","follow":"follow","max-snippet":"max-snippet:-1","max-image-preview":"max-image-preview:large","max-video-preview":"max-video-preview:-1"},"canonical":"https:\/\/cecileacquaviva.fr\/index.php\/graines-de-conteurs\/","og_locale":"fr_FR","og_type":"article","og_title":"Graines de conteurs - C\u00e9cile ACQUAVIVA - Conteuse","og_description":"Graines de conteurs \u00e0 partir de 6 ans Graines de conteurs permet aux enfants de s\u2019initier \u00e0 l\u2019art de raconter en s\u2019amusant. Nous cr\u00e9ons un cercle d\u2019\u00e9coute, de partage et de parole. Les contes racont\u00e9s chaque jour forment le sac &hellip;","og_url":"https:\/\/cecileacquaviva.fr\/index.php\/graines-de-conteurs\/","og_site_name":"C\u00e9cile ACQUAVIVA -- Conteuse","article_modified_time":"2026-01-29T21:21:07+00:00","og_image":[{"width":473,"height":358,"url":"https:\/\/cecileacquaviva.fr\/wp-content\/uploads\/2024\/10\/photo_cercles_conteurs.png","type":"image\/png"}],"twitter_card":"summary_large_image","twitter_misc":{"Dur\u00e9e de lecture estim\u00e9e":"1 minute"},"schema":{"@context":"https:\/\/schema.org","@graph":[{"@type":"WebPage","@id":"https:\/\/cecileacquaviva.fr\/index.php\/graines-de-conteurs\/","url":"https:\/\/cecileacquaviva.fr\/index.php\/graines-de-conteurs\/","name":"Graines de conteurs - C\u00e9cile ACQUAVIVA - Conteuse","isPartOf":{"@id":"https:\/\/cecileacquaviva.fr\/#website"},"primaryImageOfPage":{"@id":"https:\/\/cecileacquaviva.fr\/index.php\/graines-de-conteurs\/#primaryimage"},"image":{"@id":"https:\/\/cecileacquaviva.fr\/index.php\/graines-de-conteurs\/#primaryimage"},"thumbnailUrl":"https:\/\/cecileacquaviva.fr\/wp-content\/uploads\/2024\/10\/photo_cercles_conteurs.png","datePublished":"2024-10-12T15:04:46+00:00","dateModified":"2026-01-29T21:21:07+00:00","breadcrumb":{"@id":"https:\/\/cecileacquaviva.fr\/index.php\/graines-de-conteurs\/#breadcrumb"},"inLanguage":"fr-FR","potentialAction":[{"@type":"ReadAction","target":["https:\/\/cecileacquaviva.fr\/index.php\/graines-de-conteurs\/"]}]},{"@type":"ImageObject","inLanguage":"fr-FR","@id":"https:\/\/cecileacquaviva.fr\/index.php\/graines-de-conteurs\/#primaryimage","url":"https:\/\/cecileacquaviva.fr\/wp-content\/uploads\/2024\/10\/photo_cercles_conteurs.png","contentUrl":"https:\/\/cecileacquaviva.fr\/wp-content\/uploads\/2024\/10\/photo_cercles_conteurs.png","width":473,"height":358},{"@type":"BreadcrumbList","@id":"https:\/\/cecileacquaviva.fr\/index.php\/graines-de-conteurs\/#breadcrumb","itemListElement":[{"@type":"ListItem","position":1,"name":"Accueil","item":"https:\/\/cecileacquaviva.fr\/"},{"@type":"ListItem","position":2,"name":"Graines de conteurs"}]},{"@type":"WebSite","@id":"https:\/\/cecileacquaviva.fr\/#website","url":"https:\/\/cecileacquaviva.fr\/","name":"C\u00e9cile ACQUAVIVA -- Conteuse","description":"","publisher":{"@id":"https:\/\/cecileacquaviva.fr\/#\/schema\/person\/49f67dc3b20d3203782959bfa58a45f3"},"potentialAction":[{"@type":"SearchAction","target":{"@type":"EntryPoint","urlTemplate":"https:\/\/cecileacquaviva.fr\/?s={search_term_string}"},"query-input":{"@type":"PropertyValueSpecification","valueRequired":true,"valueName":"search_term_string"}}],"inLanguage":"fr-FR"},{"@type":["Person","Organization"],"@id":"https:\/\/cecileacquaviva.fr\/#\/schema\/person\/49f67dc3b20d3203782959bfa58a45f3","name":"cecita","image":{"@type":"ImageObject","inLanguage":"fr-FR","@id":"https:\/\/cecileacquaviva.fr\/#\/schema\/person\/image\/","url":"https:\/\/cecileacquaviva.fr\/wp-content\/uploads\/2024\/07\/logo-secondaire-horizontal-bleu-cecile-acquaviva_adroite.png","contentUrl":"https:\/\/cecileacquaviva.fr\/wp-content\/uploads\/2024\/07\/logo-secondaire-horizontal-bleu-cecile-acquaviva_adroite.png","width":800,"height":200,"caption":"cecita"},"logo":{"@id":"https:\/\/cecileacquaviva.fr\/#\/schema\/person\/image\/"},"sameAs":["http:\/\/cecileacquaviva.fr"]}]}},"_links":{"self":[{"href":"https:\/\/cecileacquaviva.fr\/index.php\/wp-json\/wp\/v2\/pages\/504","targetHints":{"allow":["GET"]}}],"collection":[{"href":"https:\/\/cecileacquaviva.fr\/index.php\/wp-json\/wp\/v2\/pages"}],"about":[{"href":"https:\/\/cecileacquaviva.fr\/index.php\/wp-json\/wp\/v2\/types\/page"}],"author":[{"embeddable":true,"href":"https:\/\/cecileacquaviva.fr\/index.php\/wp-json\/wp\/v2\/users\/1"}],"replies":[{"embeddable":true,"href":"https:\/\/cecileacquaviva.fr\/index.php\/wp-json\/wp\/v2\/comments?post=504"}],"version-history":[{"count":17,"href":"https:\/\/cecileacquaviva.fr\/index.php\/wp-json\/wp\/v2\/pages\/504\/revisions"}],"predecessor-version":[{"id":1563,"href":"https:\/\/cecileacquaviva.fr\/index.php\/wp-json\/wp\/v2\/pages\/504\/revisions\/1563"}],"wp:featuredmedia":[{"embeddable":true,"href":"https:\/\/cecileacquaviva.fr\/index.php\/wp-json\/wp\/v2\/media\/541"}],"wp:attachment":[{"href":"https:\/\/cecileacquaviva.fr\/index.php\/wp-json\/wp\/v2\/media?parent=504"}],"curies":[{"name":"wp","href":"https:\/\/api.w.org\/{rel}","templated":true}]}}