{"id":684,"date":"2024-10-13T21:36:03","date_gmt":"2024-10-13T19:36:03","guid":{"rendered":"https:\/\/cecileacquaviva.fr\/?page_id=684"},"modified":"2025-05-17T17:21:54","modified_gmt":"2025-05-17T15:21:54","slug":"elementor-684","status":"publish","type":"page","link":"https:\/\/cecileacquaviva.fr\/index.php\/elementor-684\/","title":{"rendered":"Au Pays Blanc"},"content":{"rendered":"\t\t<div data-elementor-type=\"wp-page\" data-elementor-id=\"684\" class=\"elementor elementor-684\">\n\t\t\t\t<div class=\"elementor-element elementor-element-1126d1b5 e-flex e-con-boxed e-con e-parent\" data-id=\"1126d1b5\" data-element_type=\"container\" data-settings=\"{&quot;content_width&quot;:&quot;boxed&quot;}\" data-core-v316-plus=\"true\">\n\t\t\t\t\t<div class=\"e-con-inner\">\n\t\t\t\t<div class=\"elementor-element elementor-element-58876357 elementor-widget elementor-widget-heading\" data-id=\"58876357\" data-element_type=\"widget\" data-widget_type=\"heading.default\">\n\t\t\t\t<div class=\"elementor-widget-container\">\n\t\t\t<style>\/*! elementor - v3.19.0 - 28-02-2024 *\/\n.elementor-heading-title{padding:0;margin:0;line-height:1}.elementor-widget-heading .elementor-heading-title[class*=elementor-size-]>a{color:inherit;font-size:inherit;line-height:inherit}.elementor-widget-heading .elementor-heading-title.elementor-size-small{font-size:15px}.elementor-widget-heading .elementor-heading-title.elementor-size-medium{font-size:19px}.elementor-widget-heading .elementor-heading-title.elementor-size-large{font-size:29px}.elementor-widget-heading .elementor-heading-title.elementor-size-xl{font-size:39px}.elementor-widget-heading .elementor-heading-title.elementor-size-xxl{font-size:59px}<\/style><h1 class=\"elementor-heading-title elementor-size-default\">Au Pays Blanc<\/h1>\t\t<\/div>\n\t\t\t\t<\/div>\n\t\t\t\t\t<\/div>\n\t\t\t\t<\/div>\n\t\t<div class=\"elementor-element elementor-element-5500b95d e-con-full e-flex e-con e-parent\" data-id=\"5500b95d\" data-element_type=\"container\" data-settings=\"{&quot;content_width&quot;:&quot;full&quot;}\" data-core-v316-plus=\"true\">\n\t\t\t\t<div class=\"elementor-element elementor-element-5b3f85b6 elementor-widget__width-initial elementor-widget elementor-widget-image\" data-id=\"5b3f85b6\" data-element_type=\"widget\" data-widget_type=\"image.default\">\n\t\t\t\t<div class=\"elementor-widget-container\">\n\t\t\t<style>\/*! elementor - v3.19.0 - 28-02-2024 *\/\n.elementor-widget-image{text-align:center}.elementor-widget-image a{display:inline-block}.elementor-widget-image a img[src$=\".svg\"]{width:48px}.elementor-widget-image img{vertical-align:middle;display:inline-block}<\/style>\t\t\t\t\t\t\t\t\t\t<img fetchpriority=\"high\" decoding=\"async\" width=\"750\" height=\"463\" src=\"https:\/\/cecileacquaviva.fr\/wp-content\/uploads\/2024\/10\/Au-pays-blanc-1-768x474.png\" class=\"attachment-medium_large size-medium_large wp-image-648\" alt=\"\" srcset=\"https:\/\/cecileacquaviva.fr\/wp-content\/uploads\/2024\/10\/Au-pays-blanc-1-768x474.png 768w, https:\/\/cecileacquaviva.fr\/wp-content\/uploads\/2024\/10\/Au-pays-blanc-1-300x185.png 300w, https:\/\/cecileacquaviva.fr\/wp-content\/uploads\/2024\/10\/Au-pays-blanc-1-1024x632.png 1024w, https:\/\/cecileacquaviva.fr\/wp-content\/uploads\/2024\/10\/Au-pays-blanc-1.png 1280w\" sizes=\"(max-width: 750px) 100vw, 750px\" \/>\t\t\t\t\t\t\t\t\t\t\t\t\t<\/div>\n\t\t\t\t<\/div>\n\t\t\t\t<\/div>\n\t\t<div class=\"elementor-element elementor-element-7ee7b463 e-flex e-con-boxed e-con e-parent\" data-id=\"7ee7b463\" data-element_type=\"container\" data-settings=\"{&quot;content_width&quot;:&quot;boxed&quot;}\" data-core-v316-plus=\"true\">\n\t\t\t\t\t<div class=\"e-con-inner\">\n\t\t<div class=\"elementor-element elementor-element-348fd9dd e-con-full e-flex e-con e-child\" data-id=\"348fd9dd\" data-element_type=\"container\" data-settings=\"{&quot;content_width&quot;:&quot;full&quot;}\">\n\t\t\t\t<div class=\"elementor-element elementor-element-28424680 elementor-widget__width-initial elementor-widget elementor-widget-text-editor\" data-id=\"28424680\" data-element_type=\"widget\" data-widget_type=\"text-editor.default\">\n\t\t\t\t<div class=\"elementor-widget-container\">\n\t\t\t<style>\/*! elementor - v3.19.0 - 28-02-2024 *\/\n.elementor-widget-text-editor.elementor-drop-cap-view-stacked .elementor-drop-cap{background-color:#69727d;color:#fff}.elementor-widget-text-editor.elementor-drop-cap-view-framed .elementor-drop-cap{color:#69727d;border:3px solid;background-color:transparent}.elementor-widget-text-editor:not(.elementor-drop-cap-view-default) .elementor-drop-cap{margin-top:8px}.elementor-widget-text-editor:not(.elementor-drop-cap-view-default) .elementor-drop-cap-letter{width:1em;height:1em}.elementor-widget-text-editor .elementor-drop-cap{float:left;text-align:center;line-height:1;font-size:50px}.elementor-widget-text-editor .elementor-drop-cap-letter{display:inline-block}<\/style>\t\t\t\t<p><strong>Dur\u00e9e :<\/strong> <br \/>40 min<\/p><p><strong>Age :<\/strong> <br \/>A partir de 4 ans<\/p><p><strong>Cr\u00e9ation et interpr\u00e9tation :<\/strong> <br \/>C\u00e9cile ACQUAVIVA<\/p><p><strong>Regard ext\u00e9rieur :<\/strong> <br \/>Ludovic Souliman<\/p><p><strong>R\u00e9alisation d\u00e9cor <br \/>&amp; <\/strong><strong>accessoires :<br \/><\/strong> Nina Robin, Romain Poirot et Manon Berg\u00e8se<\/p><p><strong>Spectacle autonome<br \/>techniquement<\/strong><\/p><p>En salle uniquement<\/p>\t\t\t\t\t\t<\/div>\n\t\t\t\t<\/div>\n\t\t\t\t<\/div>\n\t\t<div class=\"elementor-element elementor-element-21220d21 e-con-full e-flex e-con e-child\" data-id=\"21220d21\" data-element_type=\"container\" data-settings=\"{&quot;content_width&quot;:&quot;full&quot;}\">\n\t\t\t\t<div class=\"elementor-element elementor-element-4cd52de5 elementor-widget elementor-widget-text-editor\" data-id=\"4cd52de5\" data-element_type=\"widget\" data-widget_type=\"text-editor.default\">\n\t\t\t\t<div class=\"elementor-widget-container\">\n\t\t\t\t\t\t\t<p><strong>Synopsis<br \/><br \/><\/strong>Pr\u00eat \u00e0 chasser l\u2019ours blanc sur la banquise ? <br \/>A entendre la glace qui craque sous tes pas ? <br \/>A p\u00eacher en kayak ou dans un trou de glace ? <br \/>Enfile tes bottes fourr\u00e9es, ta parka et suis-moi !<\/p><p>M\u00ealant contes traditionnels et contemporain, chants du monde, comptines et jeux de doigts, ce spectacle propose un voyage dans la magie du Grand Nord.<\/p><p><strong>Le spectacle<br \/><\/strong><br \/>Au Pays blanc est un spectacle de contes jeune public qui raconte la vie sur la banquise, au grand nord, \u00e0 travers les aventures des ours blancs, des animaux du froid et du peuple inuit.<\/p><p>Des contes traditionnels et une histoire issue d&#8217;un album jeunesse librement adapt\u00e9e se m\u00e8lent aux chants du monde et aux sonorit\u00e9s des instruments de musique du monde.<\/p><p>S&#8217;y ajoute la richesse du r\u00e9pertoire traditionnel des comptines et jeux de doigts qui invitent le jeune spectateur \u00e0 raconter \u00e0 son tour, en miroir.<\/p><p>Afin de soutenir l&#8217;attention des enfants et d&#8217;ajouter de la po\u00e9sie, une partie du spectacle est sign\u00e9e en Langue des signes Fran\u00e7aise b\u00e9b\u00e9s et gr\u00e2ce \u00e0 d&#8217;autres gestuelles.<\/p><p>D\u2019un d\u00e9cor de banquise, la magie fait apparaitre des personnages et des objets qui s\u2019animent pour la plus grande joie des enfants !<\/p>\t\t\t\t\t\t<\/div>\n\t\t\t\t<\/div>\n\t\t\t\t<\/div>\n\t\t\t\t\t<\/div>\n\t\t\t\t<\/div>\n\t\t\t\t<\/div>\n\t\t","protected":false},"excerpt":{"rendered":"<p>Au Pays Blanc Dur\u00e9e : 40 min Age : A partir de 4 ans Cr\u00e9ation et interpr\u00e9tation : C\u00e9cile ACQUAVIVA Regard ext\u00e9rieur : Ludovic Souliman R\u00e9alisation d\u00e9cor &amp; accessoires : Nina Robin, Romain Poirot et Manon Berg\u00e8se Spectacle autonometechniquement En &hellip; <\/p>\n","protected":false},"author":1,"featured_media":0,"parent":0,"menu_order":0,"comment_status":"closed","ping_status":"closed","template":"","meta":{"_eb_attr":"","footnotes":""},"class_list":["post-684","page","type-page","status-publish","hentry"],"yoast_head":"<!-- This site is optimized with the Yoast SEO plugin v24.8.1 - https:\/\/yoast.com\/wordpress\/plugins\/seo\/ -->\n<title>Au Pays Blanc - C\u00e9cile ACQUAVIVA - Conteuse<\/title>\n<meta name=\"robots\" content=\"index, follow, max-snippet:-1, max-image-preview:large, max-video-preview:-1\" \/>\n<link rel=\"canonical\" href=\"https:\/\/cecileacquaviva.fr\/index.php\/elementor-684\/\" \/>\n<meta property=\"og:locale\" content=\"fr_FR\" \/>\n<meta property=\"og:type\" content=\"article\" \/>\n<meta property=\"og:title\" content=\"Au Pays Blanc - C\u00e9cile ACQUAVIVA - Conteuse\" \/>\n<meta property=\"og:description\" content=\"Au Pays Blanc Dur\u00e9e : 40 min Age : A partir de 4 ans Cr\u00e9ation et interpr\u00e9tation : C\u00e9cile ACQUAVIVA Regard ext\u00e9rieur : Ludovic Souliman R\u00e9alisation d\u00e9cor &amp; accessoires : Nina Robin, Romain Poirot et Manon Berg\u00e8se Spectacle autonometechniquement En &hellip;\" \/>\n<meta property=\"og:url\" content=\"https:\/\/cecileacquaviva.fr\/index.php\/elementor-684\/\" \/>\n<meta property=\"og:site_name\" content=\"C\u00e9cile ACQUAVIVA -- Conteuse\" \/>\n<meta property=\"article:modified_time\" content=\"2025-05-17T15:21:54+00:00\" \/>\n<meta property=\"og:image\" content=\"http:\/\/cecileacquaviva.fr\/wp-content\/uploads\/2024\/10\/Au-pays-blanc-1-768x474.png\" \/>\n<meta name=\"twitter:card\" content=\"summary_large_image\" \/>\n<meta name=\"twitter:label1\" content=\"Dur\u00e9e de lecture estim\u00e9e\" \/>\n\t<meta name=\"twitter:data1\" content=\"2 minutes\" \/>\n<script type=\"application\/ld+json\" class=\"yoast-schema-graph\">{\"@context\":\"https:\/\/schema.org\",\"@graph\":[{\"@type\":\"WebPage\",\"@id\":\"https:\/\/cecileacquaviva.fr\/index.php\/elementor-684\/\",\"url\":\"https:\/\/cecileacquaviva.fr\/index.php\/elementor-684\/\",\"name\":\"Au Pays Blanc - C\u00e9cile ACQUAVIVA - Conteuse\",\"isPartOf\":{\"@id\":\"https:\/\/cecileacquaviva.fr\/#website\"},\"primaryImageOfPage\":{\"@id\":\"https:\/\/cecileacquaviva.fr\/index.php\/elementor-684\/#primaryimage\"},\"image\":{\"@id\":\"https:\/\/cecileacquaviva.fr\/index.php\/elementor-684\/#primaryimage\"},\"thumbnailUrl\":\"http:\/\/cecileacquaviva.fr\/wp-content\/uploads\/2024\/10\/Au-pays-blanc-1-768x474.png\",\"datePublished\":\"2024-10-13T19:36:03+00:00\",\"dateModified\":\"2025-05-17T15:21:54+00:00\",\"breadcrumb\":{\"@id\":\"https:\/\/cecileacquaviva.fr\/index.php\/elementor-684\/#breadcrumb\"},\"inLanguage\":\"fr-FR\",\"potentialAction\":[{\"@type\":\"ReadAction\",\"target\":[\"https:\/\/cecileacquaviva.fr\/index.php\/elementor-684\/\"]}]},{\"@type\":\"ImageObject\",\"inLanguage\":\"fr-FR\",\"@id\":\"https:\/\/cecileacquaviva.fr\/index.php\/elementor-684\/#primaryimage\",\"url\":\"https:\/\/cecileacquaviva.fr\/wp-content\/uploads\/2024\/10\/Au-pays-blanc-1.png\",\"contentUrl\":\"https:\/\/cecileacquaviva.fr\/wp-content\/uploads\/2024\/10\/Au-pays-blanc-1.png\",\"width\":1280,\"height\":790},{\"@type\":\"BreadcrumbList\",\"@id\":\"https:\/\/cecileacquaviva.fr\/index.php\/elementor-684\/#breadcrumb\",\"itemListElement\":[{\"@type\":\"ListItem\",\"position\":1,\"name\":\"Accueil\",\"item\":\"https:\/\/cecileacquaviva.fr\/\"},{\"@type\":\"ListItem\",\"position\":2,\"name\":\"Au Pays Blanc\"}]},{\"@type\":\"WebSite\",\"@id\":\"https:\/\/cecileacquaviva.fr\/#website\",\"url\":\"https:\/\/cecileacquaviva.fr\/\",\"name\":\"C\u00e9cile ACQUAVIVA -- Conteuse\",\"description\":\"\",\"publisher\":{\"@id\":\"https:\/\/cecileacquaviva.fr\/#\/schema\/person\/49f67dc3b20d3203782959bfa58a45f3\"},\"potentialAction\":[{\"@type\":\"SearchAction\",\"target\":{\"@type\":\"EntryPoint\",\"urlTemplate\":\"https:\/\/cecileacquaviva.fr\/?s={search_term_string}\"},\"query-input\":{\"@type\":\"PropertyValueSpecification\",\"valueRequired\":true,\"valueName\":\"search_term_string\"}}],\"inLanguage\":\"fr-FR\"},{\"@type\":[\"Person\",\"Organization\"],\"@id\":\"https:\/\/cecileacquaviva.fr\/#\/schema\/person\/49f67dc3b20d3203782959bfa58a45f3\",\"name\":\"cecita\",\"image\":{\"@type\":\"ImageObject\",\"inLanguage\":\"fr-FR\",\"@id\":\"https:\/\/cecileacquaviva.fr\/#\/schema\/person\/image\/\",\"url\":\"https:\/\/cecileacquaviva.fr\/wp-content\/uploads\/2024\/07\/logo-secondaire-horizontal-bleu-cecile-acquaviva_adroite.png\",\"contentUrl\":\"https:\/\/cecileacquaviva.fr\/wp-content\/uploads\/2024\/07\/logo-secondaire-horizontal-bleu-cecile-acquaviva_adroite.png\",\"width\":800,\"height\":200,\"caption\":\"cecita\"},\"logo\":{\"@id\":\"https:\/\/cecileacquaviva.fr\/#\/schema\/person\/image\/\"},\"sameAs\":[\"http:\/\/cecileacquaviva.fr\"]}]}<\/script>\n<!-- \/ Yoast SEO plugin. -->","yoast_head_json":{"title":"Au Pays Blanc - C\u00e9cile ACQUAVIVA - Conteuse","robots":{"index":"index","follow":"follow","max-snippet":"max-snippet:-1","max-image-preview":"max-image-preview:large","max-video-preview":"max-video-preview:-1"},"canonical":"https:\/\/cecileacquaviva.fr\/index.php\/elementor-684\/","og_locale":"fr_FR","og_type":"article","og_title":"Au Pays Blanc - C\u00e9cile ACQUAVIVA - Conteuse","og_description":"Au Pays Blanc Dur\u00e9e : 40 min Age : A partir de 4 ans Cr\u00e9ation et interpr\u00e9tation : C\u00e9cile ACQUAVIVA Regard ext\u00e9rieur : Ludovic Souliman R\u00e9alisation d\u00e9cor &amp; accessoires : Nina Robin, Romain Poirot et Manon Berg\u00e8se Spectacle autonometechniquement En &hellip;","og_url":"https:\/\/cecileacquaviva.fr\/index.php\/elementor-684\/","og_site_name":"C\u00e9cile ACQUAVIVA -- Conteuse","article_modified_time":"2025-05-17T15:21:54+00:00","og_image":[{"url":"http:\/\/cecileacquaviva.fr\/wp-content\/uploads\/2024\/10\/Au-pays-blanc-1-768x474.png","type":"","width":"","height":""}],"twitter_card":"summary_large_image","twitter_misc":{"Dur\u00e9e de lecture estim\u00e9e":"2 minutes"},"schema":{"@context":"https:\/\/schema.org","@graph":[{"@type":"WebPage","@id":"https:\/\/cecileacquaviva.fr\/index.php\/elementor-684\/","url":"https:\/\/cecileacquaviva.fr\/index.php\/elementor-684\/","name":"Au Pays Blanc - C\u00e9cile ACQUAVIVA - Conteuse","isPartOf":{"@id":"https:\/\/cecileacquaviva.fr\/#website"},"primaryImageOfPage":{"@id":"https:\/\/cecileacquaviva.fr\/index.php\/elementor-684\/#primaryimage"},"image":{"@id":"https:\/\/cecileacquaviva.fr\/index.php\/elementor-684\/#primaryimage"},"thumbnailUrl":"http:\/\/cecileacquaviva.fr\/wp-content\/uploads\/2024\/10\/Au-pays-blanc-1-768x474.png","datePublished":"2024-10-13T19:36:03+00:00","dateModified":"2025-05-17T15:21:54+00:00","breadcrumb":{"@id":"https:\/\/cecileacquaviva.fr\/index.php\/elementor-684\/#breadcrumb"},"inLanguage":"fr-FR","potentialAction":[{"@type":"ReadAction","target":["https:\/\/cecileacquaviva.fr\/index.php\/elementor-684\/"]}]},{"@type":"ImageObject","inLanguage":"fr-FR","@id":"https:\/\/cecileacquaviva.fr\/index.php\/elementor-684\/#primaryimage","url":"https:\/\/cecileacquaviva.fr\/wp-content\/uploads\/2024\/10\/Au-pays-blanc-1.png","contentUrl":"https:\/\/cecileacquaviva.fr\/wp-content\/uploads\/2024\/10\/Au-pays-blanc-1.png","width":1280,"height":790},{"@type":"BreadcrumbList","@id":"https:\/\/cecileacquaviva.fr\/index.php\/elementor-684\/#breadcrumb","itemListElement":[{"@type":"ListItem","position":1,"name":"Accueil","item":"https:\/\/cecileacquaviva.fr\/"},{"@type":"ListItem","position":2,"name":"Au Pays Blanc"}]},{"@type":"WebSite","@id":"https:\/\/cecileacquaviva.fr\/#website","url":"https:\/\/cecileacquaviva.fr\/","name":"C\u00e9cile ACQUAVIVA -- Conteuse","description":"","publisher":{"@id":"https:\/\/cecileacquaviva.fr\/#\/schema\/person\/49f67dc3b20d3203782959bfa58a45f3"},"potentialAction":[{"@type":"SearchAction","target":{"@type":"EntryPoint","urlTemplate":"https:\/\/cecileacquaviva.fr\/?s={search_term_string}"},"query-input":{"@type":"PropertyValueSpecification","valueRequired":true,"valueName":"search_term_string"}}],"inLanguage":"fr-FR"},{"@type":["Person","Organization"],"@id":"https:\/\/cecileacquaviva.fr\/#\/schema\/person\/49f67dc3b20d3203782959bfa58a45f3","name":"cecita","image":{"@type":"ImageObject","inLanguage":"fr-FR","@id":"https:\/\/cecileacquaviva.fr\/#\/schema\/person\/image\/","url":"https:\/\/cecileacquaviva.fr\/wp-content\/uploads\/2024\/07\/logo-secondaire-horizontal-bleu-cecile-acquaviva_adroite.png","contentUrl":"https:\/\/cecileacquaviva.fr\/wp-content\/uploads\/2024\/07\/logo-secondaire-horizontal-bleu-cecile-acquaviva_adroite.png","width":800,"height":200,"caption":"cecita"},"logo":{"@id":"https:\/\/cecileacquaviva.fr\/#\/schema\/person\/image\/"},"sameAs":["http:\/\/cecileacquaviva.fr"]}]}},"_links":{"self":[{"href":"https:\/\/cecileacquaviva.fr\/index.php\/wp-json\/wp\/v2\/pages\/684","targetHints":{"allow":["GET"]}}],"collection":[{"href":"https:\/\/cecileacquaviva.fr\/index.php\/wp-json\/wp\/v2\/pages"}],"about":[{"href":"https:\/\/cecileacquaviva.fr\/index.php\/wp-json\/wp\/v2\/types\/page"}],"author":[{"embeddable":true,"href":"https:\/\/cecileacquaviva.fr\/index.php\/wp-json\/wp\/v2\/users\/1"}],"replies":[{"embeddable":true,"href":"https:\/\/cecileacquaviva.fr\/index.php\/wp-json\/wp\/v2\/comments?post=684"}],"version-history":[{"count":25,"href":"https:\/\/cecileacquaviva.fr\/index.php\/wp-json\/wp\/v2\/pages\/684\/revisions"}],"predecessor-version":[{"id":1430,"href":"https:\/\/cecileacquaviva.fr\/index.php\/wp-json\/wp\/v2\/pages\/684\/revisions\/1430"}],"wp:attachment":[{"href":"https:\/\/cecileacquaviva.fr\/index.php\/wp-json\/wp\/v2\/media?parent=684"}],"curies":[{"name":"wp","href":"https:\/\/api.w.org\/{rel}","templated":true}]}}